{"id":265314,"date":"2023-07-19T09:11:29","date_gmt":"2023-07-19T13:11:29","guid":{"rendered":"https:\/\/www.miamibeachfl.gov\/?page_id=265314"},"modified":"2023-12-01T14:05:02","modified_gmt":"2023-12-01T19:05:02","slug":"mayor-steven-meiner","status":"publish","type":"page","link":"https:\/\/www.miamibeachfl.gov\/pt\/staff\/mayor-steven-meiner\/","title":{"rendered":"Steven Meiner <br><span style=\"font-size:18px\">Prefeito<\/span>"},"content":{"rendered":"<p><img decoding=\"async\" title=\"Prefeito Dan Gelber\" src=\"https:\/\/www.miamibeachfl.gov\/wp-content\/uploads\/bb-plugin\/cache\/MayorDanGelber-circle.png\" alt=\"Mayor Dan Gelber\" \/><\/p>\r\n<h1>Prefeito Dan Gelber<\/h1>\r\n<ul>\r\n<li>\r\n<h3>DanGelber@miamibeachfl.gov<\/h3>\r\n<\/li>\r\n<li>\r\n<h3>305.673.7035<\/h3>\r\n<\/li>\r\n<li>\r\n<h3>1700 Convention Center Drive, Miami Beach, FL 33139<\/h3>\r\n<\/li>\r\n<li>\r\n<h3>Segunda \u2013 Sexta | 9h - 17h<\/h3>\r\n<\/li>\r\n<\/ul>\r\n<ul>\r\n<li>\r\n<h3>Assessor do Prefeito:<\/h3>\r\n<p><strong>Danielle Mejia<\/strong><br \/>Chefe Adjunto do Gabinete<\/p>\r\n<\/li>\r\n<li>\r\n<h3>daniellemejia@miamibeachfl.gov<\/h3>\r\n<\/li>\r\n<li>\r\n<h3>305.673.7035 Ramal 26292<\/h3>\r\n<\/li>\r\n<\/ul>\r\n<h2>Primeiro eleito: 2017<\/h2>\r\n<p>Dan Gelber \u00e9 o 38<sup>\u00ba<\/sup>\u00a0Prefeito de Miami Beach. Bolsista Truman dos EUA na faculdade e na faculdade de direito, Dan atuou como condecorado promotor federal no sul da Fl\u00f3rida. Posteriormente, foi nomeado pelo ex-senador Sam Nunn para dirigir a prestigiosa Subcomiss\u00e3o Permanente de Investiga\u00e7\u00f5es do Senado dos EUA, onde liderou investiga\u00e7\u00f5es sobre fraude, desperd\u00edcio e abuso no governo e contraterrorismo. Retornou ao sul da Fl\u00f3rida e serviu por uma d\u00e9cada na legislatura estadual \u2013 C\u00e2mara e Senado \u2013 onde foi escolhido por unanimidade como L\u00edder Democrata. Dan atua como advogado no escrit\u00f3rio Gelber Schachter Greenberg LLP e est\u00e1 listado na lista\u00a0<em>Melhores Advogados da Am\u00e9rica<\/em>\u00a0e \u00e9 o \u00fanico advogado da Fl\u00f3rida a alcan\u00e7ar a classifica\u00e7\u00e3o de \u201cEminent Practitioner\u201d em sua \u00e1rea de atua\u00e7\u00e3o em\u00a0<em>Chambers EUA<\/em>.<\/p>\r\n<p>Dan \u00e9 casado com a promotora federal Joan Silverstein, com quem tem tr\u00eas filhos adultos e dois c\u00e3es quase treinados. Dan participa ativamente do programa Big Brothers, tendo sido selecionado para o programa.\u00a0<a href=\"https:\/\/now.tufts.edu\/2015\/12\/17\/story-big-brother\">mesmo irm\u00e3ozinho por d\u00e9cadas<\/a>. O pai de Dan, Seymour, foi o 33<sup>rd<\/sup>\u00a0prefeito da nossa cidade; sua m\u00e3e, Edith, uma querida professora local.<\/p>","protected":false},"excerpt":{"rendered":"<p>Mayor Dan Gelber DanGelber@miamibeachfl.gov 305.673.7035 1700 Convention Center Drive, Miami Beach, FL 33139 Monday &#8211; Friday | 9AM &#8211; 5PM [&hellip;]<\/p>\n","protected":false},"author":222,"featured_media":265357,"parent":261112,"menu_order":37,"comment_status":"closed","ping_status":"closed","template":"page-blank.php","meta":{"_searchwp_excluded":"","site-sidebar-layout":"default","site-content-layout":"","ast-site-content-layout":"default","site-content-style":"default","site-sidebar-style":"default","ast-global-header-display":"","ast-banner-title-visibility":"","ast-main-header-display":"","ast-hfb-above-header-display":"","ast-hfb-below-header-display":"","ast-hfb-mobile-header-display":"","site-post-title":"","ast-breadcrumbs-content":"","ast-featured-img":"","footer-sml-layout":"","theme-transparent-header-meta":"","adv-header-id-meta":"","stick-header-meta":"","header-above-stick-meta":"","header-main-stick-meta":"","header-below-stick-meta":"","astra-migrate-meta-layouts":"default","ast-page-background-enabled":"default","ast-page-background-meta":{"desktop":{"background-color":"var(--ast-global-color-5)","background-image":"","background-repeat":"repeat","background-position":"center center","background-size":"auto","background-attachment":"scroll","background-type":"","background-media":"","overlay-type":"","overlay-color":"","overlay-opacity":"","overlay-gradient":""},"tablet":{"background-color":"","background-image":"","background-repeat":"repeat","background-position":"center center","background-size":"auto","background-attachment":"scroll","background-type":"","background-media":"","overlay-type":"","overlay-color":"","overlay-opacity":"","overlay-gradient":""},"mobile":{"background-color":"","background-image":"","background-repeat":"repeat","background-position":"center center","background-size":"auto","background-attachment":"scroll","background-type":"","background-media":"","overlay-type":"","overlay-color":"","overlay-opacity":"","overlay-gradient":""}},"ast-content-background-meta":{"desktop":{"background-color":"var(--ast-global-color-4)","background-image":"","background-repeat":"repeat","background-position":"center center","background-size":"auto","background-attachment":"scroll","background-type":"","background-media":"","overlay-type":"","overlay-color":"","overlay-opacity":"","overlay-gradient":""},"tablet":{"background-color":"var(--ast-global-color-4)","background-image":"","background-repeat":"repeat","background-position":"center center","background-size":"auto","background-attachment":"scroll","background-type":"","background-media":"","overlay-type":"","overlay-color":"","overlay-opacity":"","overlay-gradient":""},"mobile":{"background-color":"var(--ast-global-color-4)","background-image":"","background-repeat":"repeat","background-position":"center center","background-size":"auto","background-attachment":"scroll","background-type":"","background-media":"","overlay-type":"","overlay-color":"","overlay-opacity":"","overlay-gradient":""}},"footnotes":""},"categories":[],"tags":[983,1124,960],"class_list":["post-265314","page","type-page","status-publish","has-post-thumbnail","hentry","tag-mayor-office-team","tag-mayor-steven-meiner","tag-staff"],"yoast_head":"<!-- This site is optimized with the Yoast SEO Premium plugin v27.4 (Yoast SEO v27.4) - https:\/\/yoast.com\/product\/yoast-seo-premium-wordpress\/ -->\n<title>Steven Meiner Mayor - City of Miami Beach<\/title>\n<meta name=\"description\" content=\"In a historic runoff race on November 21, 2023, Steven Meiner was decisively elected Mayor of Miami Beach, with a clear margin of victory.His journey to the mayoral office was preceded by an extraordinary four-year tenure as Commissioner, during which he distinguished himself through bold and innovative initiatives focused on public safety and the overall quality of life for Miami Beach residents.\" \/>\n<meta name=\"robots\" content=\"index, follow, max-snippet:-1, max-image-preview:large, max-video-preview:-1\" \/>\n<link rel=\"canonical\" href=\"https:\/\/www.miamibeachfl.gov\/pt\/staff\/mayor-steven-meiner\/\" \/>\n<meta property=\"og:locale\" content=\"pt_BR\" \/>\n<meta property=\"og:type\" content=\"article\" \/>\n<meta property=\"og:title\" content=\"Steven Meiner Mayor\" \/>\n<meta property=\"og:description\" content=\"In a historic runoff race on November 21, 2023, Steven Meiner was decisively elected Mayor of Miami Beach, with a clear margin of victory.His journey to the mayoral office was preceded by an extraordinary four-year tenure as Commissioner, during which he distinguished himself through bold and innovative initiatives focused on public safety and the overall quality of life for Miami Beach residents.\" \/>\n<meta property=\"og:url\" content=\"https:\/\/www.miamibeachfl.gov\/pt\/staff\/mayor-steven-meiner\/\" \/>\n<meta property=\"og:site_name\" content=\"City of Miami Beach\" \/>\n<meta property=\"article:publisher\" content=\"https:\/\/www.facebook.com\/cityofmiamibeach\" \/>\n<meta property=\"article:modified_time\" content=\"2023-12-01T19:05:02+00:00\" \/>\n<meta property=\"og:image\" content=\"https:\/\/www.miamibeachfl.gov\/wp-content\/uploads\/2023\/07\/StevenMeiner.png\" \/>\n\t<meta property=\"og:image:width\" content=\"249\" \/>\n\t<meta property=\"og:image:height\" content=\"250\" \/>\n\t<meta property=\"og:image:type\" content=\"image\/png\" \/>\n<meta name=\"twitter:card\" content=\"summary_large_image\" \/>\n<meta name=\"twitter:site\" content=\"@Miamibeachnews\" \/>\n<script type=\"application\/ld+json\" class=\"yoast-schema-graph\">{\"@context\":\"https:\\\/\\\/schema.org\",\"@graph\":[{\"@type\":\"WebPage\",\"@id\":\"https:\\\/\\\/www.miamibeachfl.gov\\\/staff\\\/mayor-steven-meiner\\\/\",\"url\":\"https:\\\/\\\/www.miamibeachfl.gov\\\/staff\\\/mayor-steven-meiner\\\/\",\"name\":\"Steven Meiner Mayor - City of Miami Beach\",\"isPartOf\":{\"@id\":\"https:\\\/\\\/www.miamibeachfl.gov\\\/#website\"},\"primaryImageOfPage\":{\"@id\":\"https:\\\/\\\/www.miamibeachfl.gov\\\/staff\\\/mayor-steven-meiner\\\/#primaryimage\"},\"image\":{\"@id\":\"https:\\\/\\\/www.miamibeachfl.gov\\\/staff\\\/mayor-steven-meiner\\\/#primaryimage\"},\"thumbnailUrl\":\"https:\\\/\\\/www.miamibeachfl.gov\\\/wp-content\\\/uploads\\\/2023\\\/07\\\/StevenMeiner.png\",\"datePublished\":\"2023-07-19T13:11:29+00:00\",\"dateModified\":\"2023-12-01T19:05:02+00:00\",\"description\":\"In a historic runoff race on November 21, 2023, Steven Meiner was decisively elected Mayor of Miami Beach, with a clear margin of victory.His journey to the mayoral office was preceded by an extraordinary four-year tenure as Commissioner, during which he distinguished himself through bold and innovative initiatives focused on public safety and the overall quality of life for Miami Beach residents.\",\"breadcrumb\":{\"@id\":\"https:\\\/\\\/www.miamibeachfl.gov\\\/staff\\\/mayor-steven-meiner\\\/#breadcrumb\"},\"inLanguage\":\"pt-BR\",\"potentialAction\":[{\"@type\":\"ReadAction\",\"target\":[\"https:\\\/\\\/www.miamibeachfl.gov\\\/staff\\\/mayor-steven-meiner\\\/\"]}]},{\"@type\":\"ImageObject\",\"inLanguage\":\"pt-BR\",\"@id\":\"https:\\\/\\\/www.miamibeachfl.gov\\\/staff\\\/mayor-steven-meiner\\\/#primaryimage\",\"url\":\"https:\\\/\\\/www.miamibeachfl.gov\\\/wp-content\\\/uploads\\\/2023\\\/07\\\/StevenMeiner.png\",\"contentUrl\":\"https:\\\/\\\/www.miamibeachfl.gov\\\/wp-content\\\/uploads\\\/2023\\\/07\\\/StevenMeiner.png\",\"width\":249,\"height\":250,\"caption\":\"Mayor Steven Meiner\"},{\"@type\":\"BreadcrumbList\",\"@id\":\"https:\\\/\\\/www.miamibeachfl.gov\\\/staff\\\/mayor-steven-meiner\\\/#breadcrumb\",\"itemListElement\":[{\"@type\":\"ListItem\",\"position\":1,\"name\":\"Home\",\"item\":\"https:\\\/\\\/www.miamibeachfl.gov\\\/\"},{\"@type\":\"ListItem\",\"position\":2,\"name\":\"Staff\",\"item\":\"https:\\\/\\\/www.miamibeachfl.gov\\\/staff\\\/\"},{\"@type\":\"ListItem\",\"position\":3,\"name\":\"Steven Meiner Mayor\"}]},{\"@type\":\"WebSite\",\"@id\":\"https:\\\/\\\/www.miamibeachfl.gov\\\/#website\",\"url\":\"https:\\\/\\\/www.miamibeachfl.gov\\\/\",\"name\":\"City of Miami Beach\",\"description\":\"The official website of the City of Miami Beach. Stay informed, find important information on city services, news, alerts, events, trolley routes, government employment and more.\",\"publisher\":{\"@id\":\"https:\\\/\\\/www.miamibeachfl.gov\\\/#organization\"},\"potentialAction\":[{\"@type\":\"SearchAction\",\"target\":{\"@type\":\"EntryPoint\",\"urlTemplate\":\"https:\\\/\\\/www.miamibeachfl.gov\\\/?s={search_term_string}\"},\"query-input\":{\"@type\":\"PropertyValueSpecification\",\"valueRequired\":true,\"valueName\":\"search_term_string\"}}],\"inLanguage\":\"pt-BR\"},{\"@type\":\"Organization\",\"@id\":\"https:\\\/\\\/www.miamibeachfl.gov\\\/#organization\",\"name\":\"City of Miami Beach\",\"url\":\"https:\\\/\\\/www.miamibeachfl.gov\\\/\",\"logo\":{\"@type\":\"ImageObject\",\"inLanguage\":\"pt-BR\",\"@id\":\"https:\\\/\\\/www.miamibeachfl.gov\\\/#\\\/schema\\\/logo\\\/image\\\/\",\"url\":\"https:\\\/\\\/www.miamibeachfl.gov\\\/wp-content\\\/uploads\\\/2022\\\/06\\\/miamibeach-logoblue.png\",\"contentUrl\":\"https:\\\/\\\/www.miamibeachfl.gov\\\/wp-content\\\/uploads\\\/2022\\\/06\\\/miamibeach-logoblue.png\",\"width\":1962,\"height\":381,\"caption\":\"City of Miami Beach\"},\"image\":{\"@id\":\"https:\\\/\\\/www.miamibeachfl.gov\\\/#\\\/schema\\\/logo\\\/image\\\/\"},\"sameAs\":[\"https:\\\/\\\/www.facebook.com\\\/cityofmiamibeach\",\"https:\\\/\\\/x.com\\\/Miamibeachnews\",\"https:\\\/\\\/www.instagram.com\\\/miamibeachnews\\\/\"],\"description\":\"The official website of the City of Miami Beach. Stay informed, find important information on city services, news, alerts, events, trolley routes, government employment and more.\",\"telephone\":\"305.604.CITY(2489)\",\"legalName\":\"City of Miami Beach\"}]}<\/script>\n<!-- \/ Yoast SEO Premium plugin. -->","yoast_head_json":{"title":"Steven Meiner Prefeito - Cidade de Miami Beach","description":"Em uma hist\u00f3rica corrida de segundo turno em 21 de novembro de 2023, Steven Meiner foi eleito decisivamente prefeito de Miami Beach, com uma clara margem de vit\u00f3ria. Sua jornada para o cargo de prefeito foi precedida por um mandato extraordin\u00e1rio de quatro anos como comiss\u00e1rio, durante o qual ele se destacou por iniciativas ousadas e inovadoras focadas na seguran\u00e7a p\u00fablica e na qualidade de vida geral dos moradores de Miami Beach.","robots":{"index":"index","follow":"follow","max-snippet":"max-snippet:-1","max-image-preview":"max-image-preview:large","max-video-preview":"max-video-preview:-1"},"canonical":"https:\/\/www.miamibeachfl.gov\/pt\/staff\/mayor-steven-meiner\/","og_locale":"pt_BR","og_type":"article","og_title":"Steven Meiner Mayor","og_description":"In a historic runoff race on November 21, 2023, Steven Meiner was decisively elected Mayor of Miami Beach, with a clear margin of victory.His journey to the mayoral office was preceded by an extraordinary four-year tenure as Commissioner, during which he distinguished himself through bold and innovative initiatives focused on public safety and the overall quality of life for Miami Beach residents.","og_url":"https:\/\/www.miamibeachfl.gov\/pt\/staff\/mayor-steven-meiner\/","og_site_name":"City of Miami Beach","article_publisher":"https:\/\/www.facebook.com\/cityofmiamibeach","article_modified_time":"2023-12-01T19:05:02+00:00","og_image":[{"width":249,"height":250,"url":"https:\/\/www.miamibeachfl.gov\/wp-content\/uploads\/2023\/07\/StevenMeiner.png","type":"image\/png"}],"twitter_card":"summary_large_image","twitter_site":"@Miamibeachnews","schema":{"@context":"https:\/\/schema.org","@graph":[{"@type":"WebPage","@id":"https:\/\/www.miamibeachfl.gov\/staff\/mayor-steven-meiner\/","url":"https:\/\/www.miamibeachfl.gov\/staff\/mayor-steven-meiner\/","name":"Steven Meiner Prefeito - Cidade de Miami Beach","isPartOf":{"@id":"https:\/\/www.miamibeachfl.gov\/#website"},"primaryImageOfPage":{"@id":"https:\/\/www.miamibeachfl.gov\/staff\/mayor-steven-meiner\/#primaryimage"},"image":{"@id":"https:\/\/www.miamibeachfl.gov\/staff\/mayor-steven-meiner\/#primaryimage"},"thumbnailUrl":"https:\/\/www.miamibeachfl.gov\/wp-content\/uploads\/2023\/07\/StevenMeiner.png","datePublished":"2023-07-19T13:11:29+00:00","dateModified":"2023-12-01T19:05:02+00:00","description":"Em uma hist\u00f3rica corrida de segundo turno em 21 de novembro de 2023, Steven Meiner foi eleito decisivamente prefeito de Miami Beach, com uma clara margem de vit\u00f3ria. Sua jornada para o cargo de prefeito foi precedida por um mandato extraordin\u00e1rio de quatro anos como comiss\u00e1rio, durante o qual ele se destacou por iniciativas ousadas e inovadoras focadas na seguran\u00e7a p\u00fablica e na qualidade de vida geral dos moradores de Miami Beach.","breadcrumb":{"@id":"https:\/\/www.miamibeachfl.gov\/staff\/mayor-steven-meiner\/#breadcrumb"},"inLanguage":"pt-BR","potentialAction":[{"@type":"ReadAction","target":["https:\/\/www.miamibeachfl.gov\/staff\/mayor-steven-meiner\/"]}]},{"@type":"ImageObject","inLanguage":"pt-BR","@id":"https:\/\/www.miamibeachfl.gov\/staff\/mayor-steven-meiner\/#primaryimage","url":"https:\/\/www.miamibeachfl.gov\/wp-content\/uploads\/2023\/07\/StevenMeiner.png","contentUrl":"https:\/\/www.miamibeachfl.gov\/wp-content\/uploads\/2023\/07\/StevenMeiner.png","width":249,"height":250,"caption":"Mayor Steven Meiner"},{"@type":"BreadcrumbList","@id":"https:\/\/www.miamibeachfl.gov\/staff\/mayor-steven-meiner\/#breadcrumb","itemListElement":[{"@type":"ListItem","position":1,"name":"Home","item":"https:\/\/www.miamibeachfl.gov\/"},{"@type":"ListItem","position":2,"name":"Staff","item":"https:\/\/www.miamibeachfl.gov\/staff\/"},{"@type":"ListItem","position":3,"name":"Steven Meiner Mayor"}]},{"@type":"WebSite","@id":"https:\/\/www.miamibeachfl.gov\/#website","url":"https:\/\/www.miamibeachfl.gov\/","name":"Cidade de Miami Beach","description":"Site oficial da cidade de Miami Beach. Mantenha-se informado e encontre informa\u00e7\u00f5es importantes sobre servi\u00e7os municipais, not\u00edcias, alertas, eventos, rotas de bonde, empregos p\u00fablicos e muito mais.","publisher":{"@id":"https:\/\/www.miamibeachfl.gov\/#organization"},"potentialAction":[{"@type":"SearchAction","target":{"@type":"EntryPoint","urlTemplate":"https:\/\/www.miamibeachfl.gov\/?s={search_term_string}"},"query-input":{"@type":"PropertyValueSpecification","valueRequired":true,"valueName":"search_term_string"}}],"inLanguage":"pt-BR"},{"@type":"Organization","@id":"https:\/\/www.miamibeachfl.gov\/#organization","name":"Cidade de Miami Beach","url":"https:\/\/www.miamibeachfl.gov\/","logo":{"@type":"ImageObject","inLanguage":"pt-BR","@id":"https:\/\/www.miamibeachfl.gov\/#\/schema\/logo\/image\/","url":"https:\/\/www.miamibeachfl.gov\/wp-content\/uploads\/2022\/06\/miamibeach-logoblue.png","contentUrl":"https:\/\/www.miamibeachfl.gov\/wp-content\/uploads\/2022\/06\/miamibeach-logoblue.png","width":1962,"height":381,"caption":"City of Miami Beach"},"image":{"@id":"https:\/\/www.miamibeachfl.gov\/#\/schema\/logo\/image\/"},"sameAs":["https:\/\/www.facebook.com\/cityofmiamibeach","https:\/\/x.com\/Miamibeachnews","https:\/\/www.instagram.com\/miamibeachnews\/"],"description":"Site oficial da cidade de Miami Beach. Mantenha-se informado e encontre informa\u00e7\u00f5es importantes sobre servi\u00e7os municipais, not\u00edcias, alertas, eventos, rotas de bonde, empregos p\u00fablicos e muito mais.","telephone":"305.604.CITY(2489)","legalName":"City of Miami Beach"}]}},"_links":{"self":[{"href":"https:\/\/www.miamibeachfl.gov\/pt\/wp-json\/wp\/v2\/pages\/265314","targetHints":{"allow":["GET"]}}],"collection":[{"href":"https:\/\/www.miamibeachfl.gov\/pt\/wp-json\/wp\/v2\/pages"}],"about":[{"href":"https:\/\/www.miamibeachfl.gov\/pt\/wp-json\/wp\/v2\/types\/page"}],"author":[{"embeddable":true,"href":"https:\/\/www.miamibeachfl.gov\/pt\/wp-json\/wp\/v2\/users\/222"}],"replies":[{"embeddable":true,"href":"https:\/\/www.miamibeachfl.gov\/pt\/wp-json\/wp\/v2\/comments?post=265314"}],"version-history":[{"count":0,"href":"https:\/\/www.miamibeachfl.gov\/pt\/wp-json\/wp\/v2\/pages\/265314\/revisions"}],"up":[{"embeddable":true,"href":"https:\/\/www.miamibeachfl.gov\/pt\/wp-json\/wp\/v2\/pages\/261112"}],"wp:featuredmedia":[{"embeddable":true,"href":"https:\/\/www.miamibeachfl.gov\/pt\/wp-json\/wp\/v2\/media\/265357"}],"wp:attachment":[{"href":"https:\/\/www.miamibeachfl.gov\/pt\/wp-json\/wp\/v2\/media?parent=265314"}],"wp:term":[{"taxonomy":"category","embeddable":true,"href":"https:\/\/www.miamibeachfl.gov\/pt\/wp-json\/wp\/v2\/categories?post=265314"},{"taxonomy":"post_tag","embeddable":true,"href":"https:\/\/www.miamibeachfl.gov\/pt\/wp-json\/wp\/v2\/tags?post=265314"}],"curies":[{"name":"wp","href":"https:\/\/api.w.org\/{rel}","templated":true}]}}