{"id":269259,"date":"2023-08-21T12:55:17","date_gmt":"2023-08-21T16:55:17","guid":{"rendered":"https:\/\/www.miamibeachfl.gov\/?page_id=269259"},"modified":"2025-06-02T21:58:02","modified_gmt":"2025-06-03T01:58:02","slug":"august-2023-business-spotlight-ted-lucas","status":"publish","type":"page","link":"https:\/\/www.miamibeachfl.gov\/pt\/spotlight\/august-2023-business-spotlight-ted-lucas\/","title":{"rendered":"Empoderando Miami Beach: Ted Lucas, um farol de sucesso e conhecimento para o M\u00eas dos Neg\u00f3cios Negros"},"content":{"rendered":"<h5>\n\t\t<a href=\"https:\/\/www.miamibeachfl.gov\/pt\/mbbiznews\/\" title=\"Assine aqui para receber o boletim de neg\u00f3cios da cidade mensalmente em sua caixa de entrada.\"  target=\"_blank\"  rel=\"noopener\">\n\t\t\tAssine aqui para receber o boletim de neg\u00f3cios da cidade mensalmente em sua caixa de entrada.\t\t<\/a>\n\t<\/h5>\n<h5>\n\t\t<a href=\"https:\/\/myemail.constantcontact.com\/Stay-connected-with-MB-Biz--.html?soid=1011085968389&#038;aid=S0mHBwwl4Fs\" title=\"Boletim de Neg\u00f3cios\"  target=\"_blank\"  rel=\"noopener\">\n\t\t\tBoletim de Neg\u00f3cios\t\t<\/a>\n\t<\/h5>\n\t\t\t\t<img decoding=\"async\" src=\"https:\/\/www.miamibeachfl.gov\/wp-content\/uploads\/2023\/08\/Ted-Lucas-2-1024x683.jpeg\" alt=\"presented by Hard Rock InternationalThe Black Professionals Summit is back and we welcome you to a new location for greater connections, opportunities, and experiencesphoto credit: AJ Shorter\" itemprop=\"image\" title=\"Ted Lucas 2\" onerror=\"this.style.display='none'\" loading='lazy' \/>\n\t<p>Ted Lucas, o vision\u00e1rio fundador da Slip-N-Slide Records, transcendeu as fronteiras da ind\u00fastria musical para se tornar um pioneiro em tecnologia e inova\u00e7\u00e3o. Por meio da TechNolij, uma organiza\u00e7\u00e3o sem fins lucrativos, e de outras iniciativas inovadoras, ele est\u00e1 revolucionando o cen\u00e1rio, oferecendo oportunidades, recursos e mentoria a indiv\u00edduos sub-representados em comunidades negras e pardas. A dedica\u00e7\u00e3o inabal\u00e1vel de Lucas para diminuir a desigualdade racial est\u00e1 transformando vidas e empoderando as gera\u00e7\u00f5es futuras. Ao celebrarmos o M\u00eas do Neg\u00f3cio Negro, homenageamos Ted Lucas por suas contribui\u00e7\u00f5es excepcionais e esperamos testemunhar o impacto duradouro de seus empreendimentos em Miami Beach e al\u00e9m.<\/p>\n<p><strong>Ted, voltemos ao come\u00e7o. O que te motivou a fundar a Slip-N-Slide Records e por que Miami Beach?<\/strong><\/p>\n<p>Voltando ao in\u00edcio, a raz\u00e3o pela qual criei a Slip-N-Slide Records foi porque conheci pessoas como Luther Campbell. Eu tamb\u00e9m fui motivado a criar algo no sul da Fl\u00f3rida que significasse alguma coisa \u2013 a Slip-N-Slide era exatamente isso! Escolhi Miami Beach especificamente porque me lembro de crescer e ouvir hist\u00f3rias da minha av\u00f3. Ela trabalhava em Miami Beach, limpando hot\u00e9is, e depois das 19h n\u00e3o tinha permiss\u00e3o para entrar nos limites da cidade sem comprovante de emprego. As hist\u00f3rias dela eram dos anos 70, n\u00e3o faz muito tempo, ent\u00e3o, para mim, essa gravadora significava criar algo onde pud\u00e9ssemos ser irrestritos. Consegui criar algo que cresceu al\u00e9m dos limites da cidade de Miami Beach, e \u00e9 disso que se trata.<\/p>\n<p><strong>Voc\u00ea poderia compartilhar alguns dos principais fatores que contribu\u00edram para o imenso sucesso da Slip-N-Slide Records em Miami Beach? Que li\u00e7\u00f5es valiosas voc\u00ea aprendeu ao longo do caminho que podem beneficiar aqueles que buscam abrir seus neg\u00f3cios nesta cidade din\u00e2mica?<\/strong><\/p>\n<p>Um dos principais fatores para o sucesso da Slip-N-Slide \u00e9 a nossa capacidade de identificar talentos locais de Miami e transform\u00e1-los em nomes conhecidos. Na Slip-N-Slide, ajudamos cada artista a evoluir em sua arte e estamos sempre incentivando nossos artistas a alcan\u00e7ar o sucesso ideal. 25 anos depois, meu principal objetivo ainda \u00e9 garantir que todos possam sustentar suas fam\u00edlias. Uma li\u00e7\u00e3o valiosa que aprendi ao longo do caminho \u00e9 que tudo \u00e9 poss\u00edvel. Eu tinha todas as probabilidades contra mim. Se voc\u00ea perguntasse a alguns dos meus professores do ensino fundamental, eles diriam que eu n\u00e3o deveria estar onde estou hoje.<\/p>\n<p>Nunca deixe que a sua situa\u00e7\u00e3o atual dite o seu futuro ou influencie as suas escolhas. Voc\u00ea escreve a sua pr\u00f3pria hist\u00f3ria e s\u00f3 voc\u00ea tem o poder de controlar a sua narrativa.<\/p>\n<p><strong>Como uma figura proeminente na cena musical de Miami Beach, que papel voc\u00ea acredita que a m\u00fasica e as artes desempenham no aprimoramento do desenvolvimento econ\u00f4mico e da identidade cultural da cidade?<\/strong><\/p>\n<p>Os setores da m\u00fasica e das artes oferecem oportunidades de emprego para uma ampla gama de profissionais, incluindo m\u00fasicos, artistas, designers, t\u00e9cnicos, organizadores de eventos, executivos de marketing e muito mais. Apoiar esses setores pode levar \u00e0 cria\u00e7\u00e3o de empregos, direta e indiretamente, em diversos setores, como hotelaria, varejo, marketing e gest\u00e3o de eventos. Cultivar as habilidades art\u00edsticas das pessoas pode ajud\u00e1-las a encontrar empregos nas ind\u00fastrias criativas no futuro, promovendo o crescimento econ\u00f4mico e o desenvolvimento de talentos.<\/p>\n<p><strong>O que o levou a se aventurar na tecnologia? Seu recente empreendimento, TechNolij, demonstra seu compromisso em combater a exclus\u00e3o digital e promover oportunidades em tecnologias emergentes.<\/strong><\/p>\n<p>A tecnologia mudou o mundo de muitas maneiras. Para mim, tecnologia significa o futuro. Vejo potencial em nossas comunidades se elas tiverem uma chance. O objetivo da TechNolij \u00e9 criar um canal mais intencional para fechar a lacuna de riqueza e acesso \u00e0 tecnologia no sul da Fl\u00f3rida. Estamos preparando nossas comunidades locais para fazer parte dessa nova plataforma tecnol\u00f3gica, bem como das plataformas existentes. Se nos envolvermos rapidamente, nos manteremos atualizados. Quero ver o m\u00e1ximo de pessoas negras e pardas que se parecem comigo receberem financiamento e trabalharem na \u00e1rea de tecnologia. Me incomoda que, quando falo em eventos e pergunto quantos participantes s\u00e3o do sul da Fl\u00f3rida, menos de 10% de n\u00f3s estejamos representados naquela sala. Isso precisa mudar.<\/p>\n<p><strong>Miami Beach \u00e9 um caldeir\u00e3o de culturas e comunidades diversas. Como voc\u00ea garante que seus empreendimentos, como o TechNolij, incluam e promovam ativamente uma comunidade diversa?<\/strong><\/p>\n<p>Esse \u00e9 o principal objetivo da TechNolij: elevar uma comunidade diversa, nivelando o campo de atua\u00e7\u00e3o. Um dos principais motivos pelos quais n\u00e3o vemos pessoas de cor no mundo da tecnologia \u00e9 porque ningu\u00e9m na nossa comunidade realmente fala sobre tecnologia. N\u00e3o h\u00e1 conversa, principalmente porque ningu\u00e9m sabe o que est\u00e1 acontecendo. Al\u00e9m disso, o mundo da tecnologia pode parecer muito complexo e confuso no in\u00edcio. Ent\u00e3o, quando algu\u00e9m tenta embarcar na onda, desiste porque \u00e9 quase como entrar em uma toca de coelho. Com a TechNolij, quero eliminar os medos e obst\u00e1culos para come\u00e7ar devido \u00e0 falta de educa\u00e7\u00e3o sobre tecnologia.<\/p>\n<p>Mais importante, estou responsabilizando todas as empresas de tecnologia que se mudaram para o sul da Fl\u00f3rida; elas precisam contratar novos talentos que se pare\u00e7am comigo.<\/p>\n<p><strong>O TechNolij Innovation Center da Florida Memorial University \u00e9 reconhecido por muitos na comunidade tecnol\u00f3gica. Como ele mant\u00e9m o controle sobre a pr\u00f3xima gera\u00e7\u00e3o de entusiastas de tecnologia e jovens empreendedores de Miami Beach que buscam orienta\u00e7\u00e3o e recursos para prosperar neste setor em constante evolu\u00e7\u00e3o?<\/strong><\/p>\n<p>A sede atual da TechNolij \u00e9 a \u00fanica Faculdade e Universidade Historicamente Negra (HBCU) no sul da Fl\u00f3rida, a Florida Memorial University, e isso porque eu queria que a TechNolij estivesse no cora\u00e7\u00e3o da cidade. Dessa forma, n\u00e3o apenas os alunos que frequentam a Florida Memorial podem participar, mas a comunidade em geral tamb\u00e9m pode se envolver com o que estamos fazendo. A TechNolij oferece programas de aprendizagem para todos os n\u00edveis de tecnologia e coloca\u00e7\u00e3o profissional garantida ao final do programa. Ao contr\u00e1rio de outros programas, a TechNolij reconhece que os estudantes universit\u00e1rios frequentemente t\u00eam responsabilidades al\u00e9m da vida acad\u00eamica. Por exemplo, muitos estudantes precisam trabalhar em v\u00e1rios empregos al\u00e9m dos cursos para pagar suas contas ou suas fam\u00edlias. Somos t\u00e3o apaixonados pelo valor das aulas e experi\u00eancias que oferecemos na TechNolij que, na verdade, pagamos os alunos para aprender. Em vez de trabalhar em v\u00e1rios empregos n\u00e3o relacionados \u00e0s suas aspira\u00e7\u00f5es profissionais, os estudantes podem ganhar dinheiro estudando conosco, e garantimos que eles estar\u00e3o perfeitamente posicionados para obter uma renda excepcional ap\u00f3s a gradua\u00e7\u00e3o. Estamos aqui para preparar cada aluno para uma vida de sucesso.<\/p>\n<p><strong>Seus eventos filantr\u00f3picos e workshops educacionais s\u00e3o essenciais para nutrir jovens talentos e fomentar a inova\u00e7\u00e3o. Que conselho voc\u00ea daria para aqueles que buscam contribuir para o crescimento e desenvolvimento da comunidade por meio de iniciativas semelhantes?<\/strong><\/p>\n<p>Um conselho que eu daria \u00e9 garantir que voc\u00ea fa\u00e7a parcerias com as pessoas certas. Voc\u00ea pode fazer qualquer coisa sozinho, mas por que fazer isso quando pode criar parcerias para ampliar seu impacto? Tamb\u00e9m \u00e9 importante garantir que voc\u00ea esteja fazendo parceria com algu\u00e9m cuja vis\u00e3o esteja alinhada \u00e0 sua. Percebi que muitas pessoas no sul da Fl\u00f3rida falam sobre o impacto que desejam causar e as oportunidades que desejam criar, mas, quando voc\u00ea se aprofunda um pouco, descobre que tudo n\u00e3o passa de conversa fiada ou inspira\u00e7\u00e3o falsa para algumas curtidas nas redes sociais.<\/p>\n<p><strong>O que o M\u00eas Nacional dos Neg\u00f3cios Negros significa para voc\u00ea?<\/strong><\/p>\n<p>O M\u00eas Nacional dos Neg\u00f3cios Negros serve como um lembrete da tenacidade e da imagina\u00e7\u00e3o presentes entre os empreendedores negros. \u00c9 um chamado \u00e0 a\u00e7\u00e3o para que pessoas e comunidades apoiem e promovam neg\u00f3cios de propriedade de negros ao longo do ano, ajudando a criar um ambiente de neg\u00f3cios mais inclusivo e justo. Como mencionei anteriormente, minha av\u00f3 teve um impacto profundo em minha vida. Ouvir que, h\u00e1 apenas 50 anos, ela n\u00e3o podia trabalhar em Miami Beach sem credenciais adequadas por causa da cor de sua pele \u00e9 impressionante para mim. Trabalho todos os dias para garantir que nossa comunidade nunca mais seja exclu\u00edda de oportunidades.<\/p>\n<p>&nbsp;<\/p>\n<p>&nbsp;<\/p>","protected":false},"excerpt":{"rendered":"<p>Subscribe here to receive the City&#8217;s business newsletter to your inbox monthly. Business Newsletter Ted Lucas, the visionary founder of [&hellip;]<\/p>\n","protected":false},"author":329,"featured_media":0,"parent":253255,"menu_order":0,"comment_status":"closed","ping_status":"closed","template":"","meta":{"_searchwp_excluded":"","site-sidebar-layout":"default","site-content-layout":"","ast-site-content-layout":"default","site-content-style":"default","site-sidebar-style":"default","ast-global-header-display":"","ast-banner-title-visibility":"","ast-main-header-display":"","ast-hfb-above-header-display":"","ast-hfb-below-header-display":"","ast-hfb-mobile-header-display":"","site-post-title":"","ast-breadcrumbs-content":"","ast-featured-img":"","footer-sml-layout":"","theme-transparent-header-meta":"","adv-header-id-meta":"","stick-header-meta":"","header-above-stick-meta":"","header-main-stick-meta":"","header-below-stick-meta":"","astra-migrate-meta-layouts":"default","ast-page-background-enabled":"default","ast-page-background-meta":{"desktop":{"background-color":"var(--ast-global-color-5)","background-image":"","background-repeat":"repeat","background-position":"center center","background-size":"auto","background-attachment":"scroll","background-type":"","background-media":"","overlay-type":"","overlay-color":"","overlay-opacity":"","overlay-gradient":""},"tablet":{"background-color":"","background-image":"","background-repeat":"repeat","background-position":"center center","background-size":"auto","background-attachment":"scroll","background-type":"","background-media":"","overlay-type":"","overlay-color":"","overlay-opacity":"","overlay-gradient":""},"mobile":{"background-color":"","background-image":"","background-repeat":"repeat","background-position":"center center","background-size":"auto","background-attachment":"scroll","background-type":"","background-media":"","overlay-type":"","overlay-color":"","overlay-opacity":"","overlay-gradient":""}},"ast-content-background-meta":{"desktop":{"background-color":"var(--ast-global-color-4)","background-image":"","background-repeat":"repeat","background-position":"center center","background-size":"auto","background-attachment":"scroll","background-type":"","background-media":"","overlay-type":"","overlay-color":"","overlay-opacity":"","overlay-gradient":""},"tablet":{"background-color":"var(--ast-global-color-4)","background-image":"","background-repeat":"repeat","background-position":"center center","background-size":"auto","background-attachment":"scroll","background-type":"","background-media":"","overlay-type":"","overlay-color":"","overlay-opacity":"","overlay-gradient":""},"mobile":{"background-color":"var(--ast-global-color-4)","background-image":"","background-repeat":"repeat","background-position":"center center","background-size":"auto","background-attachment":"scroll","background-type":"","background-media":"","overlay-type":"","overlay-color":"","overlay-opacity":"","overlay-gradient":""}},"footnotes":""},"categories":[],"tags":[],"class_list":["post-269259","page","type-page","status-publish","hentry"],"yoast_head":"<!-- This site is optimized with the Yoast SEO Premium plugin v27.4 (Yoast SEO v27.4) - https:\/\/yoast.com\/product\/yoast-seo-premium-wordpress\/ -->\n<title>Empowering Miami Beach: Ted Lucas, a Beacon of Success and Knowledge for Black Business Month - City of Miami Beach<\/title>\n<meta name=\"description\" content=\"%\" \/>\n<meta name=\"robots\" content=\"index, follow, max-snippet:-1, max-image-preview:large, max-video-preview:-1\" \/>\n<link rel=\"canonical\" href=\"https:\/\/www.miamibeachfl.gov\/pt\/spotlight\/august-2023-business-spotlight-ted-lucas\/\" \/>\n<meta property=\"og:locale\" content=\"pt_BR\" \/>\n<meta property=\"og:type\" content=\"article\" \/>\n<meta property=\"og:title\" content=\"Empowering Miami Beach: Ted Lucas, a Beacon of Success and Knowledge for Black Business Month\" \/>\n<meta property=\"og:description\" content=\"%\" \/>\n<meta property=\"og:url\" content=\"https:\/\/www.miamibeachfl.gov\/pt\/spotlight\/august-2023-business-spotlight-ted-lucas\/\" \/>\n<meta property=\"og:site_name\" content=\"City of Miami Beach\" \/>\n<meta property=\"article:publisher\" content=\"https:\/\/www.facebook.com\/cityofmiamibeach\" \/>\n<meta property=\"article:modified_time\" content=\"2025-06-03T01:58:02+00:00\" \/>\n<meta property=\"og:image\" content=\"https:\/\/www.miamibeachfl.gov\/wp-content\/uploads\/2023\/08\/Ted-Lucas-2-1024x683.jpeg\" \/>\n<meta name=\"twitter:card\" content=\"summary_large_image\" \/>\n<meta name=\"twitter:site\" content=\"@Miamibeachnews\" \/>\n<script type=\"application\/ld+json\" class=\"yoast-schema-graph\">{\"@context\":\"https:\\\/\\\/schema.org\",\"@graph\":[{\"@type\":\"WebPage\",\"@id\":\"https:\\\/\\\/www.miamibeachfl.gov\\\/spotlight\\\/august-2023-business-spotlight-ted-lucas\\\/\",\"url\":\"https:\\\/\\\/www.miamibeachfl.gov\\\/spotlight\\\/august-2023-business-spotlight-ted-lucas\\\/\",\"name\":\"Empowering Miami Beach: Ted Lucas, a Beacon of Success and Knowledge for Black Business Month - City of Miami Beach\",\"isPartOf\":{\"@id\":\"https:\\\/\\\/www.miamibeachfl.gov\\\/#website\"},\"primaryImageOfPage\":{\"@id\":\"https:\\\/\\\/www.miamibeachfl.gov\\\/spotlight\\\/august-2023-business-spotlight-ted-lucas\\\/#primaryimage\"},\"image\":{\"@id\":\"https:\\\/\\\/www.miamibeachfl.gov\\\/spotlight\\\/august-2023-business-spotlight-ted-lucas\\\/#primaryimage\"},\"thumbnailUrl\":\"https:\\\/\\\/www.miamibeachfl.gov\\\/wp-content\\\/uploads\\\/2023\\\/08\\\/Ted-Lucas-2-1024x683.jpeg\",\"datePublished\":\"2023-08-21T16:55:17+00:00\",\"dateModified\":\"2025-06-03T01:58:02+00:00\",\"description\":\"%\",\"breadcrumb\":{\"@id\":\"https:\\\/\\\/www.miamibeachfl.gov\\\/spotlight\\\/august-2023-business-spotlight-ted-lucas\\\/#breadcrumb\"},\"inLanguage\":\"pt-BR\",\"potentialAction\":[{\"@type\":\"ReadAction\",\"target\":[\"https:\\\/\\\/www.miamibeachfl.gov\\\/spotlight\\\/august-2023-business-spotlight-ted-lucas\\\/\"]}]},{\"@type\":\"ImageObject\",\"inLanguage\":\"pt-BR\",\"@id\":\"https:\\\/\\\/www.miamibeachfl.gov\\\/spotlight\\\/august-2023-business-spotlight-ted-lucas\\\/#primaryimage\",\"url\":\"https:\\\/\\\/www.miamibeachfl.gov\\\/wp-content\\\/uploads\\\/2023\\\/08\\\/Ted-Lucas-2-1024x683.jpeg\",\"contentUrl\":\"https:\\\/\\\/www.miamibeachfl.gov\\\/wp-content\\\/uploads\\\/2023\\\/08\\\/Ted-Lucas-2-1024x683.jpeg\"},{\"@type\":\"BreadcrumbList\",\"@id\":\"https:\\\/\\\/www.miamibeachfl.gov\\\/spotlight\\\/august-2023-business-spotlight-ted-lucas\\\/#breadcrumb\",\"itemListElement\":[{\"@type\":\"ListItem\",\"position\":1,\"name\":\"Home\",\"item\":\"https:\\\/\\\/www.miamibeachfl.gov\\\/\"},{\"@type\":\"ListItem\",\"position\":2,\"name\":\"Business Newsletters and Spotlights\",\"item\":\"https:\\\/\\\/www.miamibeachfl.gov\\\/spotlight\\\/\"},{\"@type\":\"ListItem\",\"position\":3,\"name\":\"Empowering Miami Beach: Ted Lucas, a Beacon of Success and Knowledge for Black Business Month\"}]},{\"@type\":\"WebSite\",\"@id\":\"https:\\\/\\\/www.miamibeachfl.gov\\\/#website\",\"url\":\"https:\\\/\\\/www.miamibeachfl.gov\\\/\",\"name\":\"City of Miami Beach\",\"description\":\"The official website of the City of Miami Beach. Stay informed, find important information on city services, news, alerts, events, trolley routes, government employment and more.\",\"publisher\":{\"@id\":\"https:\\\/\\\/www.miamibeachfl.gov\\\/#organization\"},\"potentialAction\":[{\"@type\":\"SearchAction\",\"target\":{\"@type\":\"EntryPoint\",\"urlTemplate\":\"https:\\\/\\\/www.miamibeachfl.gov\\\/?s={search_term_string}\"},\"query-input\":{\"@type\":\"PropertyValueSpecification\",\"valueRequired\":true,\"valueName\":\"search_term_string\"}}],\"inLanguage\":\"pt-BR\"},{\"@type\":\"Organization\",\"@id\":\"https:\\\/\\\/www.miamibeachfl.gov\\\/#organization\",\"name\":\"City of Miami Beach\",\"url\":\"https:\\\/\\\/www.miamibeachfl.gov\\\/\",\"logo\":{\"@type\":\"ImageObject\",\"inLanguage\":\"pt-BR\",\"@id\":\"https:\\\/\\\/www.miamibeachfl.gov\\\/#\\\/schema\\\/logo\\\/image\\\/\",\"url\":\"https:\\\/\\\/www.miamibeachfl.gov\\\/wp-content\\\/uploads\\\/2022\\\/06\\\/miamibeach-logoblue.png\",\"contentUrl\":\"https:\\\/\\\/www.miamibeachfl.gov\\\/wp-content\\\/uploads\\\/2022\\\/06\\\/miamibeach-logoblue.png\",\"width\":1962,\"height\":381,\"caption\":\"City of Miami Beach\"},\"image\":{\"@id\":\"https:\\\/\\\/www.miamibeachfl.gov\\\/#\\\/schema\\\/logo\\\/image\\\/\"},\"sameAs\":[\"https:\\\/\\\/www.facebook.com\\\/cityofmiamibeach\",\"https:\\\/\\\/x.com\\\/Miamibeachnews\",\"https:\\\/\\\/www.instagram.com\\\/miamibeachnews\\\/\"],\"description\":\"The official website of the City of Miami Beach. Stay informed, find important information on city services, news, alerts, events, trolley routes, government employment and more.\",\"telephone\":\"305.604.CITY(2489)\",\"legalName\":\"City of Miami Beach\"}]}<\/script>\n<!-- \/ Yoast SEO Premium plugin. -->","yoast_head_json":{"title":"Empoderando Miami Beach: Ted Lucas, um farol de sucesso e conhecimento para o M\u00eas dos Neg\u00f3cios Negros - Cidade de Miami Beach","description":"%","robots":{"index":"index","follow":"follow","max-snippet":"max-snippet:-1","max-image-preview":"max-image-preview:large","max-video-preview":"max-video-preview:-1"},"canonical":"https:\/\/www.miamibeachfl.gov\/pt\/spotlight\/august-2023-business-spotlight-ted-lucas\/","og_locale":"pt_BR","og_type":"article","og_title":"Empowering Miami Beach: Ted Lucas, a Beacon of Success and Knowledge for Black Business Month","og_description":"%","og_url":"https:\/\/www.miamibeachfl.gov\/pt\/spotlight\/august-2023-business-spotlight-ted-lucas\/","og_site_name":"City of Miami Beach","article_publisher":"https:\/\/www.facebook.com\/cityofmiamibeach","article_modified_time":"2025-06-03T01:58:02+00:00","og_image":[{"url":"https:\/\/www.miamibeachfl.gov\/wp-content\/uploads\/2023\/08\/Ted-Lucas-2-1024x683.jpeg","type":"","width":"","height":""}],"twitter_card":"summary_large_image","twitter_site":"@Miamibeachnews","schema":{"@context":"https:\/\/schema.org","@graph":[{"@type":"WebPage","@id":"https:\/\/www.miamibeachfl.gov\/spotlight\/august-2023-business-spotlight-ted-lucas\/","url":"https:\/\/www.miamibeachfl.gov\/spotlight\/august-2023-business-spotlight-ted-lucas\/","name":"Empoderando Miami Beach: Ted Lucas, um farol de sucesso e conhecimento para o M\u00eas dos Neg\u00f3cios Negros - Cidade de Miami Beach","isPartOf":{"@id":"https:\/\/www.miamibeachfl.gov\/#website"},"primaryImageOfPage":{"@id":"https:\/\/www.miamibeachfl.gov\/spotlight\/august-2023-business-spotlight-ted-lucas\/#primaryimage"},"image":{"@id":"https:\/\/www.miamibeachfl.gov\/spotlight\/august-2023-business-spotlight-ted-lucas\/#primaryimage"},"thumbnailUrl":"https:\/\/www.miamibeachfl.gov\/wp-content\/uploads\/2023\/08\/Ted-Lucas-2-1024x683.jpeg","datePublished":"2023-08-21T16:55:17+00:00","dateModified":"2025-06-03T01:58:02+00:00","description":"%","breadcrumb":{"@id":"https:\/\/www.miamibeachfl.gov\/spotlight\/august-2023-business-spotlight-ted-lucas\/#breadcrumb"},"inLanguage":"pt-BR","potentialAction":[{"@type":"ReadAction","target":["https:\/\/www.miamibeachfl.gov\/spotlight\/august-2023-business-spotlight-ted-lucas\/"]}]},{"@type":"ImageObject","inLanguage":"pt-BR","@id":"https:\/\/www.miamibeachfl.gov\/spotlight\/august-2023-business-spotlight-ted-lucas\/#primaryimage","url":"https:\/\/www.miamibeachfl.gov\/wp-content\/uploads\/2023\/08\/Ted-Lucas-2-1024x683.jpeg","contentUrl":"https:\/\/www.miamibeachfl.gov\/wp-content\/uploads\/2023\/08\/Ted-Lucas-2-1024x683.jpeg"},{"@type":"BreadcrumbList","@id":"https:\/\/www.miamibeachfl.gov\/spotlight\/august-2023-business-spotlight-ted-lucas\/#breadcrumb","itemListElement":[{"@type":"ListItem","position":1,"name":"Home","item":"https:\/\/www.miamibeachfl.gov\/"},{"@type":"ListItem","position":2,"name":"Business Newsletters and Spotlights","item":"https:\/\/www.miamibeachfl.gov\/spotlight\/"},{"@type":"ListItem","position":3,"name":"Empowering Miami Beach: Ted Lucas, a Beacon of Success and Knowledge for Black Business Month"}]},{"@type":"WebSite","@id":"https:\/\/www.miamibeachfl.gov\/#website","url":"https:\/\/www.miamibeachfl.gov\/","name":"Cidade de Miami Beach","description":"Site oficial da cidade de Miami Beach. Mantenha-se informado e encontre informa\u00e7\u00f5es importantes sobre servi\u00e7os municipais, not\u00edcias, alertas, eventos, rotas de bonde, empregos p\u00fablicos e muito mais.","publisher":{"@id":"https:\/\/www.miamibeachfl.gov\/#organization"},"potentialAction":[{"@type":"SearchAction","target":{"@type":"EntryPoint","urlTemplate":"https:\/\/www.miamibeachfl.gov\/?s={search_term_string}"},"query-input":{"@type":"PropertyValueSpecification","valueRequired":true,"valueName":"search_term_string"}}],"inLanguage":"pt-BR"},{"@type":"Organization","@id":"https:\/\/www.miamibeachfl.gov\/#organization","name":"Cidade de Miami Beach","url":"https:\/\/www.miamibeachfl.gov\/","logo":{"@type":"ImageObject","inLanguage":"pt-BR","@id":"https:\/\/www.miamibeachfl.gov\/#\/schema\/logo\/image\/","url":"https:\/\/www.miamibeachfl.gov\/wp-content\/uploads\/2022\/06\/miamibeach-logoblue.png","contentUrl":"https:\/\/www.miamibeachfl.gov\/wp-content\/uploads\/2022\/06\/miamibeach-logoblue.png","width":1962,"height":381,"caption":"City of Miami Beach"},"image":{"@id":"https:\/\/www.miamibeachfl.gov\/#\/schema\/logo\/image\/"},"sameAs":["https:\/\/www.facebook.com\/cityofmiamibeach","https:\/\/x.com\/Miamibeachnews","https:\/\/www.instagram.com\/miamibeachnews\/"],"description":"Site oficial da cidade de Miami Beach. Mantenha-se informado e encontre informa\u00e7\u00f5es importantes sobre servi\u00e7os municipais, not\u00edcias, alertas, eventos, rotas de bonde, empregos p\u00fablicos e muito mais.","telephone":"305.604.CITY(2489)","legalName":"City of Miami Beach"}]}},"_links":{"self":[{"href":"https:\/\/www.miamibeachfl.gov\/pt\/wp-json\/wp\/v2\/pages\/269259","targetHints":{"allow":["GET"]}}],"collection":[{"href":"https:\/\/www.miamibeachfl.gov\/pt\/wp-json\/wp\/v2\/pages"}],"about":[{"href":"https:\/\/www.miamibeachfl.gov\/pt\/wp-json\/wp\/v2\/types\/page"}],"author":[{"embeddable":true,"href":"https:\/\/www.miamibeachfl.gov\/pt\/wp-json\/wp\/v2\/users\/329"}],"replies":[{"embeddable":true,"href":"https:\/\/www.miamibeachfl.gov\/pt\/wp-json\/wp\/v2\/comments?post=269259"}],"version-history":[{"count":1,"href":"https:\/\/www.miamibeachfl.gov\/pt\/wp-json\/wp\/v2\/pages\/269259\/revisions"}],"predecessor-version":[{"id":375051,"href":"https:\/\/www.miamibeachfl.gov\/pt\/wp-json\/wp\/v2\/pages\/269259\/revisions\/375051"}],"up":[{"embeddable":true,"href":"https:\/\/www.miamibeachfl.gov\/pt\/wp-json\/wp\/v2\/pages\/253255"}],"wp:attachment":[{"href":"https:\/\/www.miamibeachfl.gov\/pt\/wp-json\/wp\/v2\/media?parent=269259"}],"wp:term":[{"taxonomy":"category","embeddable":true,"href":"https:\/\/www.miamibeachfl.gov\/pt\/wp-json\/wp\/v2\/categories?post=269259"},{"taxonomy":"post_tag","embeddable":true,"href":"https:\/\/www.miamibeachfl.gov\/pt\/wp-json\/wp\/v2\/tags?post=269259"}],"curies":[{"name":"wp","href":"https:\/\/api.w.org\/{rel}","templated":true}]}}